{"id":6202,"date":"2018-04-19T21:16:20","date_gmt":"2018-04-19T19:16:20","guid":{"rendered":"http:\/\/www.vpst-laubach.de\/wp\/?page_id=6202"},"modified":"2021-03-31T12:19:10","modified_gmt":"2021-03-31T10:19:10","slug":"erziehungs-und-familienberatung-eb","status":"publish","type":"page","link":"https:\/\/www.vpst-laubach.de\/wp\/beratung-und-supervision\/bz-laubach-und-gruenberg\/erziehungs-und-familienberatung-eb\/","title":{"rendered":"Erziehungs- und Familienberatung (EB)"},"content":{"rendered":"<!-- RS_MODULE_CODE_2.4.6 --><div id=\"readspeaker_button6202\" class=\"rs_skip rsbtn rs_preserve\"><a class=\"rsbtn_play\" title=\"Um den Text anzuh\u00f6ren, verwenden Sie bitte ReadSpeaker\" accesskey=\"L\" href=\"\/\/app-eu.readspeaker.com\/cgi-bin\/rsent?customerid=11662&amp;lang=de_de&amp;readid=rspeak_read_6202&amp;url=https%3A%2F%2Fwww.vpst-laubach.de%2Fwp%2Fwp-json%2Fwp%2Fv2%2Fpages%2F6202\">\n        <span class=\"rsbtn_left rsimg rspart\"><span class=\"rsbtn_text\"><span>Vorlesen<\/span><\/span><\/span>\n        <span class=\"rsbtn_right rsimg rsplay rspart\"><\/span>\n        <\/a><\/div><div id=\"rspeak_read_6202\"><table style=\"width: 100%;\">\n<tbody>\n<tr>\n<td style=\"width: 25px; height: 25px;\"><div class=\"printomatic pom-small \" id=\"id3260\" data-print_target=\"article\"><\/div><\/td>\n<td style=\"width: 25px; height: 25px;\"><a href=\"https:\/\/www.vpst-laubach.de\/wp\"><img loading=\"lazy\" decoding=\"async\" class=\"alignnone wp-image-947\" src=\"https:\/\/www.vpst-laubach.de\/wp\/wp-content\/uploads\/2016\/02\/home.png\" alt width=\"19\" height=\"19\"><\/a><\/td>\n<td style=\"width: 25px; height: 25px;\"><img loading=\"lazy\" decoding=\"async\" class=\"alignnone wp-image-949\" src=\"https:\/\/www.vpst-laubach.de\/wp\/wp-content\/uploads\/2016\/02\/like.png\" width=\"19\" height=\"19\"><\/td>\n<td style=\"width: 85.1563%;\"><span style=\"font-family: arial, helvetica, sans-serif; font-size: 10pt;\">\/\u200b <a href=\"https:\/\/www.vpst-laubach.de\/wp\/beratung-und-supervision\/\">Beratung und Supervision<\/a>&nbsp; \/\u200b <a href=\"https:\/\/www.vpst-laubach.de\/wp\/beratung-und-supervision\/bz-laubach-und-gruenberg\/\">Beratungszentrum Laubach und Gr\u00fcnberg<\/a> \/\u200b<br>\n\/\u200b Erziehungs- und Familienberatung (EB)<\/span><\/td>\n<\/tr>\n<\/tbody>\n<\/table>\n<h1 data-wahfont=\"20\"><span data-wahfont=\"20\">Erziehungs- und Familienberatung (EB)<\/span><\/h1>\n<p style=\"text-align: justify;\"><span style=\"font-family: arial, helvetica, sans-serif; font-size: 10pt;\"><img loading=\"lazy\" decoding=\"async\" class=\" wp-image-12361 alignleft\" src=\"https:\/\/www.vpst-laubach.de\/wp\/wp-content\/uploads\/2020\/04\/Erziehungs-und-Familienberatung-EBjpg-300x225.png\" alt width=\"281\" height=\"211\" srcset=\"https:\/\/www.vpst-laubach.de\/wp\/wp-content\/uploads\/2020\/04\/Erziehungs-und-Familienberatung-EBjpg-300x225.png 300w, https:\/\/www.vpst-laubach.de\/wp\/wp-content\/uploads\/2020\/04\/Erziehungs-und-Familienberatung-EBjpg-1024x768.png 1024w, https:\/\/www.vpst-laubach.de\/wp\/wp-content\/uploads\/2020\/04\/Erziehungs-und-Familienberatung-EBjpg-150x113.png 150w, https:\/\/www.vpst-laubach.de\/wp\/wp-content\/uploads\/2020\/04\/Erziehungs-und-Familienberatung-EBjpg-1536x1152.png 1536w, https:\/\/www.vpst-laubach.de\/wp\/wp-content\/uploads\/2020\/04\/Erziehungs-und-Familienberatung-EBjpg.png 1920w\" sizes=\"auto, (max-width: 281px) 100vw, 281px\">In keiner Familie geht immer alles harmonisch zu. Erziehung ist nicht leicht und Probleme k\u00f6nnen das Familienleben erschweren. Unsere Erziehungs- und Familienberatung steht im Falle von pers\u00f6nlichen oder familienbezogenen Fragen Ratsuchenden zur Verf\u00fcgung.&nbsp;<\/span><\/p>\n<p style=\"text-align: justify;\"><span style=\"font-family: arial, helvetica, sans-serif; font-size: 10pt;\">Ziel einer Erziehungs- und Familienberatung ist, die Beziehung in der Familie zu f\u00f6rdern, Erziehungsberechtigte und -beauftragte in ihrer Erziehungskompetenz zu unterst\u00fctzen und zu st\u00e4rken, sowie Kinder und Jugendliche in ihren Entwicklungsm\u00f6glichkeiten zu f\u00f6rdern. <\/span><span style=\"font-family: arial, helvetica, sans-serif; font-size: 10pt;\">Wir beraten bei<\/span><\/p>\n<ul style=\"text-align: justify;\">\n<li><span style=\"font-family: arial, helvetica, sans-serif; font-size: 10pt;\">individuellen und familienbezogenen Konflikten,<\/span><\/li>\n<li><span style=\"font-family: arial, helvetica, sans-serif; font-size: 10pt;\">psychosozialen Folgen von Trennung und Scheidung,<\/span><\/li>\n<li><span style=\"font-family: arial, helvetica, sans-serif; font-size: 10pt;\">Fragen zu Erziehung, Entwicklung und Schutz von Kindern und Jugendlichen,<\/span><\/li>\n<li><span style=\"font-family: arial, helvetica, sans-serif; font-size: 10pt;\">Problemen als Alleinerziehende oder in Patchwork-Familien,<\/span><\/li>\n<li><span style=\"font-family: arial, helvetica, sans-serif; font-size: 10pt;\">psychosozialen Problemen von Jugendlichen und jungen Erwachsenen,<br>\n<\/span><\/li>\n<li><span style=\"font-family: arial, helvetica, sans-serif; font-size: 10pt;\">schulischen Auff\u00e4lligkeiten sowie<br>\n<\/span><\/li>\n<li><span style=\"font-family: arial, helvetica, sans-serif; font-size: 10pt;\">Fragen Rund um die Pubert\u00e4t.<\/span><\/li>\n<\/ul>\n<p style=\"text-align: justify;\"><span style=\"font-family: arial, helvetica, sans-serif; font-size: 10pt;\">Wir bieten Informationsgespr\u00e4che, Beratungsgespr\u00e4che in Form von Einzel-, Paar-, Familien- und Gruppenberatung, Krisenintervention, Vermittlung weiterer Hilfen sowie Vorbereitung und Nachbetreuung bei einer ambulanten, teilstation\u00e4ren oder station\u00e4ren Behandlung an. <\/span><span style=\"font-family: arial, helvetica, sans-serif; font-size: 10pt;\">Auf Wunsch bzw. bei Notwendigkeit kann eine Kooperation mit anderen Einrichtungen (z.B. Kita, Schule, Jugendamt) \u00fcber uns erfolgen.&nbsp;<\/span><\/p>\n<p style=\"text-align: justify;\"><span style=\"font-family: arial, helvetica, sans-serif; font-size: 10pt;\">Eine Besonderheit stellt das Angebot der <strong>Erziehungsberatung in der Au\u00dfenstelle in Lich<\/strong> dar, das auf Wunsch des Landkreis Gie\u00dfen im Jahr 2015 entstand und von ihm finanziert wird. Es ist ein niedrigschwelliges Angebot mit kostenloser fachlicher Beratung im Bereich der Erziehungs- und Familienberatung. <\/span><span style=\"font-family: arial, helvetica, sans-serif; font-size: 10pt;\">Die Au\u00dfensprechstunde findet Mittwochnachmittags nach vorheriger <a href=\"https:\/\/www.vpst-laubach.de\/wp\/beratung-und-supervision\/bz-laubach-und-gruenberg\/oeffnungszeiten\/\">telefonischer Anmeldung<\/a> statt.<\/span><\/p>\n<p style=\"text-align: justify;\"><span style=\"font-family: arial, helvetica, sans-serif; font-size: 10pt;\">Weiterhin halten wir eine Vielzahl von Angeboten der psychosozialen Pr\u00e4vention vor. Hierzu z\u00e4hlen etwa Informationsveranstaltungen, Vortr\u00e4ge, Kurse und Projekte f\u00fcr Jugendliche, Eltern und Multiplikatoren. Bei Interesse sprechen Sie uns gerne&nbsp;an.<\/span><\/p>\n<hr>\n<div><\/div>\n<div>\n<table style=\"width: 581px; border-collapse: collapse;\">\n<tbody>\n<tr>\n<td style=\"width: 154px;\"><a href=\"https:\/\/www.vpst-laubach.de\/wp\/beratung-und-supervision\/bz-laubach-und-gruenberg\/erziehungs-und-familienberatung-eb\/ambulante-eingliederungshilfe-nach-%c2%a7-35-a-sgb\/\"><img loading=\"lazy\" decoding=\"async\" class=\"alignnone wp-image-12690 size-full\" src=\"https:\/\/www.vpst-laubach.de\/wp\/wp-content\/uploads\/2020\/06\/aegh-klein.jpg\" alt width=\"150\" height=\"100\"><\/a><\/td>\n<td style=\"width: 439px;\">\n<h3><a href=\"https:\/\/www.vpst-laubach.de\/wp\/beratung-und-supervision\/bz-laubach-und-gruenberg\/erziehungs-und-familienberatung-eb\/ambulante-eingliederungshilfe-nach-%c2%a7-35-a-sgb\/\">Ambulante Eingliederungshilfe nach \u00a7 35 a&nbsp;SGB<\/a><\/h3>\n<p style=\"text-align: justify;\"><span style=\"font-family: arial, helvetica, sans-serif; font-size: 10pt;\">Die \u201eambulante Eingliederungshilfe\u201c richtet sich an Kinder und Jugendliche im Alter von 9 \u2013 18 Jahren gem\u00e4\u00df <a href=\"https:\/\/www.vpst-laubach.de\/wp\/beratung-und-supervision\/bz-laubach-und-gruenberg\/erziehungs-und-familienberatung-eb\/ambulante-eingliederungshilfe-nach-%c2%a7-35-a-sgb\/\">mehr &gt;&gt;<\/a><br>\n<\/span><\/p>\n<hr>\n<\/td>\n<\/tr>\n<\/tbody>\n<\/table>\n<\/div>\n<p><img loading=\"lazy\" decoding=\"async\" class=\"size-full wp-image-7261 alignleft\" src=\"https:\/\/www.vpst-laubach.de\/wp\/wp-content\/uploads\/2018\/07\/trennline_neu.jpg\" alt width=\"780\" height=\"80\"><\/p>\n<table class=\" alignleft\" width=\"612\">\n<tbody>\n<tr>\n<td>\n<table class=\" alignleft\" style=\"height: 54px; width: 581px;\">\n<tbody>\n<tr style=\"height: 4px;\">\n<td style=\"width: 154px; height: 10px;\"><a href=\"https:\/\/www.vpst-laubach.de\/wp\/aktuelles\/mein-baby-verstehen\/\"><img loading=\"lazy\" decoding=\"async\" class=\"alignnone wp-image-9387 size-full\" src=\"https:\/\/www.vpst-laubach.de\/wp\/wp-content\/uploads\/2019\/06\/Mein-Baby-verstehen-kl..jpg\" alt width=\"150\" height=\"100\"><\/a><\/td>\n<td style=\"width: 439px; height: 10px;\">\n<div>\n<h3 data-wahfont=\"20\"><a href=\"https:\/\/www.vpst-laubach.de\/wp\/aktuelles\/mein-baby-verstehen\/\">Elternkurs \u201cMein Baby verstehen\u201d<\/a><\/h3>\n<p style=\"text-align: justify;\" data-wahfont=\"13\"><span style=\"font-family: arial, helvetica, sans-serif; font-size: 10pt;\">Dieser Elternkurs richtet sich an alle M\u00fctter und V\u00e4ter von Neugeborenen, Paare in der Schwangerschaft oder in den ersten Monaten nach der Geburt sowie <\/span><a href=\"https:\/\/www.vpst-laubach.de\/wp\/aktuelles\/mein-baby-verstehen\/\"><span style=\"font-family: arial, helvetica, sans-serif; font-size: 10pt;\">mehr \u00bb<\/span><\/a><\/p>\n<\/div>\n<hr>\n<\/td>\n<\/tr>\n<tr style=\"height: 4px;\">\n<td style=\"width: 154px; height: 10px;\"><a href=\"https:\/\/www.vpst-laubach.de\/wp\/der-vpst\/kinderschutz\/\"><img loading=\"lazy\" decoding=\"async\" class=\"alignnone wp-image-7227 size-full\" src=\"https:\/\/www.vpst-laubach.de\/wp\/wp-content\/uploads\/2018\/07\/Kinderschutz-klein.jpg\" alt width=\"150\" height=\"100\"><\/a><\/td>\n<td style=\"width: 439px; height: 10px;\">\n<h3><a href=\"https:\/\/www.vpst-laubach.de\/wp\/der-vpst\/kinderschutz\/\">Kinderschutz<\/a><\/h3>\n<p style=\"text-align: justify;\"><span style=\"font-family: arial, helvetica, sans-serif; font-size: 10pt;\">Kinder brauchen verl\u00e4ssliche und konstante Bezugspersonen, die ihnen Liebe, einf\u00fchlendes Verst\u00e4ndnis, Zuwendung und mit zunehmendem Alter eine Unterst\u00fctzung <a href=\"https:\/\/www.vpst-laubach.de\/wp\/der-vpst\/kinderschutz\/\">mehr&gt;&gt;<\/a><\/span><\/p>\n<hr>\n<\/td>\n<\/tr>\n<tr>\n<td style=\"width: 154px;\"><a href=\"https:\/\/www.vpst-laubach.de\/wp\/gruppenangebote\/familienzentrum-gruenberg\/\"><img loading=\"lazy\" decoding=\"async\" class=\"alignnone size-full wp-image-12774\" src=\"https:\/\/www.vpst-laubach.de\/wp\/wp-content\/uploads\/2020\/06\/Familienzentrum-Gr\u00fcnberg-kl3.jpg\" alt width=\"150\" height=\"100\"><\/a><\/td>\n<td style=\"width: 439px; height: 10px;\">\n<div>\n<h3 data-wahfont=\"20\"><a href=\"https:\/\/www.vpst-laubach.de\/wp\/gruppenangebote\/familienzentrum-gruenberg\/\" data-wahfont=\"20\">Familienzentrum Gr\u00fcnberg<\/a><\/h3>\n<div>\n<p style=\"text-align: justify;\" data-wahfont=\"13\"><span style=\"font-family: arial, helvetica, sans-serif; font-size: 10pt;\" data-wahfont=\"13\">Das Familienzentrum Gr\u00fcnberg ist eine Anlaufstelle f\u00fcr die ganze Familie von 0\u201399 Jahren. Ob Kinderbetreuung, Elterncaf\u00e9 oder Veranstaltungen f\u00fcr Jung und Alt <a href=\"https:\/\/www.vpst-laubach.de\/wp\/gruppenangebote\/familienzentrum-gruenberg\/\" data-wahfont=\"13\">mehr \u00bb<\/a><\/span><\/p>\n<\/div>\n<\/div>\n<hr>\n<\/td>\n<\/tr>\n<tr>\n<td style=\"width: 154px;\"><img loading=\"lazy\" decoding=\"async\" class=\"alignnone size-full wp-image-11470\" src=\"https:\/\/www.vpst-laubach.de\/wp\/wp-content\/uploads\/2020\/01\/Links.jpg\" alt width=\"279\" height=\"175\" srcset=\"https:\/\/www.vpst-laubach.de\/wp\/wp-content\/uploads\/2020\/01\/Links.jpg 279w, https:\/\/www.vpst-laubach.de\/wp\/wp-content\/uploads\/2020\/01\/Links-150x94.jpg 150w\" sizes=\"auto, (max-width: 279px) 100vw, 279px\"><\/td>\n<td style=\"width: 439px;\">\n<h3>Interessante Links<\/h3>\n<p><span style=\"font-family: arial, helvetica, sans-serif; font-size: 10pt;\">In unserer Rubrik \u201einteressante Links\u201c haben wir nach Themen sortiert verschiedene externe Seiten f\u00fcr Sie zusammengestellt. <a href=\"https:\/\/www.vpst-laubach.de\/wp\/interessante-links\/\">Zu interessanten Links&nbsp;&gt;&gt;<\/a><\/span><\/p>\n<hr>\n<\/td>\n<\/tr>\n<\/tbody>\n<\/table>\n<\/td>\n<\/tr>\n<\/tbody>\n<\/table>\n<\/div>","protected":false},"excerpt":{"rendered":"<!-- RS_MODULE_CODE_2.4.6 --><div id=\"readspeaker_button6202\" class=\"rs_skip rsbtn rs_preserve\"><a class=\"rsbtn_play\" title=\"Um den Text anzuh\u00f6ren, verwenden Sie bitte ReadSpeaker\" accesskey=\"L\" href=\"\/\/app-eu.readspeaker.com\/cgi-bin\/rsent?customerid=11662&amp;lang=de_de&amp;readid=rspeak_read_6202&amp;url=https%3A%2F%2Fwww.vpst-laubach.de%2Fwp%2Fwp-json%2Fwp%2Fv2%2Fpages%2F6202\">\n        <span class=\"rsbtn_left rsimg rspart\"><span class=\"rsbtn_text\"><span>Vorlesen<\/span><\/span><\/span>\n        <span class=\"rsbtn_right rsimg rsplay rspart\"><\/span>\n        <\/a><\/div><div id=\"rspeak_read_6202\"><p> \/\u200b\u200b Beratung und Supervision&nbsp; \/\u200b\u200b Beratungszentrum Laubach und Gr\u00fcnberg \/\u200b\u200b \/\u200b\u200b Erziehungs- und Familienberatung (EB) Erziehungs- und Familienberatung (EB) In keiner Familie geht immer alles harmonisch zu. Erziehung ist <a class=\"more-link\" href=\"https:\/\/www.vpst-laubach.de\/wp\/beratung-und-supervision\/bz-laubach-und-gruenberg\/erziehungs-und-familienberatung-eb\/\">weiterlesen \u2192<\/a><\/p>\n<\/div>","protected":false},"author":3,"featured_media":0,"parent":4638,"menu_order":1,"comment_status":"closed","ping_status":"closed","template":"","meta":{"wp_typography_post_enhancements_disabled":false,"footnotes":""},"class_list":["post-6202","page","type-page","status-publish","hentry"],"_links":{"self":[{"href":"https:\/\/www.vpst-laubach.de\/wp\/wp-json\/wp\/v2\/pages\/6202","targetHints":{"allow":["GET"]}}],"collection":[{"href":"https:\/\/www.vpst-laubach.de\/wp\/wp-json\/wp\/v2\/pages"}],"about":[{"href":"https:\/\/www.vpst-laubach.de\/wp\/wp-json\/wp\/v2\/types\/page"}],"author":[{"embeddable":true,"href":"https:\/\/www.vpst-laubach.de\/wp\/wp-json\/wp\/v2\/users\/3"}],"replies":[{"embeddable":true,"href":"https:\/\/www.vpst-laubach.de\/wp\/wp-json\/wp\/v2\/comments?post=6202"}],"version-history":[{"count":63,"href":"https:\/\/www.vpst-laubach.de\/wp\/wp-json\/wp\/v2\/pages\/6202\/revisions"}],"predecessor-version":[{"id":13800,"href":"https:\/\/www.vpst-laubach.de\/wp\/wp-json\/wp\/v2\/pages\/6202\/revisions\/13800"}],"up":[{"embeddable":true,"href":"https:\/\/www.vpst-laubach.de\/wp\/wp-json\/wp\/v2\/pages\/4638"}],"wp:attachment":[{"href":"https:\/\/www.vpst-laubach.de\/wp\/wp-json\/wp\/v2\/media?parent=6202"}],"curies":[{"name":"wp","href":"https:\/\/api.w.org\/{rel}","templated":true}]}}